{"id":277,"date":"2018-11-05T02:31:27","date_gmt":"2018-11-05T05:31:27","guid":{"rendered":"http:\/\/comunitaria.ufro.cl\/?page_id=277"},"modified":"2022-01-18T22:35:59","modified_gmt":"2022-01-19T01:35:59","slug":"ricardo-perez-luco-arenas","status":"publish","type":"page","link":"https:\/\/comunitaria.ufro.cl\/index.php\/ricardo-perez-luco-arenas\/","title":{"rendered":"RICARDO P\u00c9REZ-LUCO ARENAS"},"content":{"rendered":"<p><strong>Dr. Ricardo P\u00e9rez-Luco Arenas. Universidad de La Frontera<\/strong><br \/>\n<em>Permanente<\/em><\/p>\n<hr \/>\n<p>Doctor en Psicolog\u00eda, Universidad de Salamanca, Espa\u00f1a. Psi\u00adc\u00f3\u00adlogo (UFRO, 1988), Mag\u00eds\u00adter en Cien\u00adcias Socia\u00adles y\u00a0Pol\u00ed\u00adti\u00adcas (FLACSO-M\u00e9xico, 1994).<\/p>\n<p>Aca\u00add\u00e9\u00admico Jor\u00adnada Com\u00adpleta del Depar\u00adta\u00admento de Psi\u00adco\u00adlo\u00adg\u00eda de la Uni\u00adver\u00adsi\u00addad de La Fron\u00adtera desde 1989; espe\u00adcia\u00adli\u00adzado en Meto\u00addo\u00adlo\u00adg\u00eda de la Inves\u00adti\u00adga\u00adci\u00f3n en Psi\u00adco\u00adlo\u00adg\u00eda, donde ha impar\u00adtido docen\u00adcia de pre y\u00a0post\u00adgrado; diri\u00adgido tesis de Licen\u00adcia\u00adtura y\u00a0de Mag\u00eds\u00adter.<\/p>\n<p>En el Magister de Comunitaria es profesor responsable de la Asignatura Investigaci\u00f3n en Psicolog\u00eda I (m\u00e9todos cualitativos) y Director de tesis de grado en el programa. Miembro del Comit\u00e9 Acad\u00e9mico del Magister.<\/p>\n<p>Ha rea\u00adli\u00adzado inves\u00adti\u00adga\u00adci\u00f3n emp\u00ed\u00adrica en diver\u00adsas tem\u00e1\u00adti\u00adcas de la psi\u00adco\u00adlo\u00adg\u00eda social, con mayor \u00e9nfa\u00adsis en pobreza y\u00a0fami\u00adlia, delin\u00adcuen\u00adcia juve\u00adnil y\u00a0ambiente labo\u00adral.<\/p>\n<p>Ha cum\u00adplido diver\u00adsas fun\u00adcio\u00adnes direc\u00adti\u00advas uni\u00adver\u00adsi\u00adta\u00adrias, siendo actual\u00admente el Direc\u00adtor del Pro\u00adgrama de Mag\u00eds\u00adter en Psi\u00adco\u00adlo\u00adg\u00eda Jur\u00ed\u00addica y\u00a0Forense de la UFRO.<\/p>\n<p>Su tra\u00adbajo inves\u00adti\u00adga\u00adtivo m\u00e1s rele\u00advante se refiere a\u00a0la for\u00admu\u00adla\u00adci\u00f3n emp\u00ed\u00adrica del cons\u00adtructo de Ambiente Labo\u00adral Sub\u00adje\u00adtivo ALS y\u00a0a la crea\u00adci\u00f3n del Cues\u00adtio\u00adna\u00adrio para eva\u00adluarlo (CALS). Actual\u00admente lidera el \u201cPro\u00adyecto Inte\u00adgra\u00adci\u00f3n\u201d finan\u00adciado por el Con\u00adsejo Nacio\u00adnal de Cien\u00adcia y\u00a0Tec\u00adno\u00adlo\u00adg\u00eda (CONICYT) a\u00a0tra\u00adv\u00e9s de su l\u00ednea de pro\u00adyec\u00adtos FON\u00adDEF de Inte\u00adr\u00e9s P\u00fablico; pro\u00adyecto que sus\u00adtenta la rea\u00adli\u00adza\u00adci\u00f3n del pre\u00adsente Semi\u00adna\u00adrio.<\/p>\n<p>Socio fundador de la Sociedad Cient\u00edfica de Psicolog\u00eda de Chile. Socio de la AEMCCO (Asociaci\u00f3n Espa\u00f1ola de Metodolog\u00eda de las Ciencia del Comportamiento -espa\u00f1ola-) y por consecuencia de la EAM (European Association of Methodology).<\/p>\n<p>Miembro permanente del Comit\u00e9 de Psicolog\u00eda del Programa de Becas Chile desde 2008.<\/p>\n<p>Consultor UNICEF para el fortalecimiento de capacidades para la educaci\u00f3n en contextos de diversidad cultural.<\/p>\n","protected":false},"excerpt":{"rendered":"<p>Dr. Ricardo P\u00e9rez-Luco Arenas. Universidad de La Frontera Permanente Doctor en Psicolog\u00eda, Universidad de Salamanca, Espa\u00f1a. Psi\u00adc\u00f3\u00adlogo (UFRO, 1988), Mag\u00eds\u00adter en Cien\u00adcias Socia\u00adles y\u00a0Pol\u00ed\u00adti\u00adcas (FLACSO-M\u00e9xico, 1994). Aca\u00add\u00e9\u00admico Jor\u00adnada Com\u00adpleta del Depar\u00adta\u00admento de Psi\u00adco\u00adlo\u00adg\u00eda de la Uni\u00adver\u00adsi\u00addad de La Fron\u00adtera desde 1989; espe\u00adcia\u00adli\u00adzado en Meto\u00addo\u00adlo\u00adg\u00eda de la Inves\u00adti\u00adga\u00adci\u00f3n en Psi\u00adco\u00adlo\u00adg\u00eda, donde ha impar\u00adtido docen\u00adcia de pre&hellip; <br \/> <a class=\"button small blue\" href=\"https:\/\/comunitaria.ufro.cl\/index.php\/ricardo-perez-luco-arenas\/\">Leer m\u00e1s<\/a><\/p>\n","protected":false},"author":1,"featured_media":56,"parent":0,"menu_order":0,"comment_status":"closed","ping_status":"closed","template":"page-nosidebar.php","meta":{"footnotes":""},"_links":{"self":[{"href":"https:\/\/comunitaria.ufro.cl\/index.php\/wp-json\/wp\/v2\/pages\/277"}],"collection":[{"href":"https:\/\/comunitaria.ufro.cl\/index.php\/wp-json\/wp\/v2\/pages"}],"about":[{"href":"https:\/\/comunitaria.ufro.cl\/index.php\/wp-json\/wp\/v2\/types\/page"}],"author":[{"embeddable":true,"href":"https:\/\/comunitaria.ufro.cl\/index.php\/wp-json\/wp\/v2\/users\/1"}],"replies":[{"embeddable":true,"href":"https:\/\/comunitaria.ufro.cl\/index.php\/wp-json\/wp\/v2\/comments?post=277"}],"version-history":[{"count":2,"href":"https:\/\/comunitaria.ufro.cl\/index.php\/wp-json\/wp\/v2\/pages\/277\/revisions"}],"predecessor-version":[{"id":315,"href":"https:\/\/comunitaria.ufro.cl\/index.php\/wp-json\/wp\/v2\/pages\/277\/revisions\/315"}],"wp:featuredmedia":[{"embeddable":true,"href":"https:\/\/comunitaria.ufro.cl\/index.php\/wp-json\/wp\/v2\/media\/56"}],"wp:attachment":[{"href":"https:\/\/comunitaria.ufro.cl\/index.php\/wp-json\/wp\/v2\/media?parent=277"}],"curies":[{"name":"wp","href":"https:\/\/api.w.org\/{rel}","templated":true}]}}